{"id":28,"date":"2017-05-08T14:43:58","date_gmt":"2017-05-08T11:43:58","guid":{"rendered":"http:\/\/kobibilisim.org.tr\/1-kobi-bilisim\/?page_id=28"},"modified":"2017-09-23T20:34:21","modified_gmt":"2017-09-23T17:34:21","slug":"program","status":"publish","type":"page","link":"https:\/\/kobibilisim.org.tr\/1-kobi-bilisim\/program","title":{"rendered":"PROGRAM"},"content":{"rendered":"<div style=\"position: absolute; left: 883px; top: 18px;\">\n<div class=\"aside stickem\"><img loading=\"lazy\" decoding=\"async\" src=\"images\/cuma.png\" alt=\"\" width=\"50\" height=\"50\" \/><\/div>\n<\/div>\n<div class=\"pro_date\">\n<div class=\"baslik_satir_date\">\n<div class=\"baslik_icerik_date\">26 EYL\u00dcL 2017 SALI<\/div>\n<div class=\"baslik_salon\"><\/div>\n<\/div>\n<\/div>\n<div class=\"pro\" style=\"margin-top: 0px;\">\n<div class=\"baslik_satir\">\n<div class=\"baslik_saat\">09:30 \u2013 10:00<\/div>\n<div class=\"baslik_icerik\">A\u00c7ILI\u015e KONU\u015eMALARI<\/div>\n<div class=\"baslik_salon\"><\/div>\n<\/div>\n<div class=\"icerik\">\n<div class=\"icerik_text\">\n<p><strong>Rahmi AKTEPE<\/strong>, TBD Genel Ba\u015fkan\u0131<br \/>\n<strong>G\u00fcrsel BARAN<\/strong>, ATO Y\u00f6netim Kurulu Ba\u015fkan\u0131<br \/>\n<strong>Nurettin \u00d6ZDEB\u0130R<\/strong>, ASO Y\u00f6netim Kurulu Ba\u015fkan\u0131<br \/>\n<strong>Dr. Faruk \u00d6ZL\u00dc<\/strong>, Bilim, Sanayi ve Teknoloji Bakan\u0131<\/p>\n<\/div>\n<div style=\"font-size: 9px; color: #999; padding: 8px 0 0 5px;\"><\/div>\n<div style=\"font-size: 8px; color: #999; padding: 8px 0 0 5px;\"><\/div>\n<\/div>\n<\/div>\n<div style=\"clear: both;\"><\/div>\n<div class=\"pro\" style=\"margin-top: 0px;\">\n<div class=\"baslik_satir\">\n<div class=\"baslik_saat\">10:30 \u2013 11:45<\/div>\n<div class=\"baslik_icerik\">Panel: Dijital D\u00f6n\u00fc\u015f\u00fcm, Yeni F\u0131rsatlar ve KOB\u0130&#8217;ler<\/div>\n<div class=\"baslik_salon\"><\/div>\n<\/div>\n<div class=\"icerik\">\n<p><strong>Panel Y\u00f6netici: Do\u00e7. Dr. Elife \u00dcNAL<\/strong>, Bilim, Sanayi ve Teknoloji Bakanl\u0131\u011f\u0131 Bilim ve Teknoloji Genel M\u00fcd\u00fcr\u00fc<\/p>\n<div class=\"icerik_text\"><strong>Adem BA\u015eAR<\/strong> G\u00fcmr\u00fck ve Ticaret Bakanl\u0131\u011f\u0131 \u0130\u00e7 Ticaret Genel M\u00fcd\u00fcr Yard\u0131mc\u0131s\u0131<br \/>\n<strong>Mustafa Ali YURDUPAK<\/strong> Ekonomi Bakanl\u0131\u011f\u0131 KOB\u0130 ve K\u00fcmelenme Destekleri Daire Ba\u015fkan\u0131<br \/>\n<strong>Orhan AYDIN<\/strong> OST\u0130M Y\u00f6netim Kurulu Ba\u015fkan\u0131<br \/>\n<strong>Derya \u0130REN<\/strong> Siemens T\u00fcrkiye Dijitalizasyon ve End\u00fcstri 4.0 \u015eirket S\u00f6zc\u00fcs\u00fc<\/div>\n<\/div>\n<\/div>\n<div style=\"clear: both;\"><\/div>\n<div class=\"pro\" style=\"margin-top: 0px;\">\n<div class=\"baslik_satir\">\n<div class=\"baslik_saat\">11:45 \u2013 12:00<\/div>\n<div class=\"baslik_icerik\">Kahve Aras\u0131<\/div>\n<div class=\"baslik_salon\"><\/div>\n<\/div>\n<div style=\"font-size: 9px; color: #999; padding: 8px 0 0 5px;\"><\/div>\n<div style=\"font-size: 8px; color: #999; padding: 8px 0 0 5px;\"><\/div>\n<\/div>\n<div style=\"clear: both;\"><\/div>\n<div class=\"pro\" style=\"margin-top: 0px;\">\n<div class=\"baslik_satir\">\n<div class=\"baslik_saat\">12:00 \u2013 13:00<\/div>\n<div class=\"baslik_icerik\">\u00d6zel Oturum: Dijital D\u00f6n\u00fc\u015f\u00fcm\u00fcn KOB\u0130&#8217;lere Sa\u011flad\u0131\u011f\u0131 F\u0131rsatlar ve \u00c7\u00f6z\u00fcmler<\/div>\n<div class=\"baslik_salon\"><\/div>\n<\/div>\n<div class=\"icerik\">\n<p><strong>Oturum Y\u00f6neticisi: Dr. Ali AR\u0130FO\u011eLU<\/strong>, ODT\u00dc Enformatik Enstit\u00fcs\u00fc \u00d6\u011fretim \u00dcyesi<\/p>\n<div class=\"icerik_text\"><strong>KONU\u015eMACILAR :<\/strong><br \/>\n12:00-12:15 <strong>KOB\u0130&#8217;lerde Dijitalle\u015fme ve e-D\u00f6n\u00fc\u015f\u00fcm<\/strong>, Ak\u0131n SERTCAN &#8211; LOGO \u0130cra Kurulu \u00dcyesi<br \/>\n12:15-12:30 <strong>4. Sanayi Devrimi, KOB\u0130\u2019ler ve Bili\u015fim F\u0131rsatlar\u0131<\/strong>, Tan\u0131n AFACAN &#8211; ASELSAN BT Sistem M\u00fchendisli\u011fi M\u00fcd\u00fcr\u00fc<br \/>\n12:30-12:45 <strong>KOB\u0130&#8217;ler ve Dijital D\u00f6n\u00fc\u015f\u00fcm<\/strong>, Cavit YANTA\u00c7 &#8211; Microsoft Genel M\u00fcd\u00fcr Yard\u0131mc\u0131s\u0131<br \/>\n12:45-13:00 <strong>KOB\u0130&#8217;ler Teknoloji ile B\u00fcy\u00fcyor<\/strong>, T\u00fcrk Telekom<\/p>\n<div style=\"font-size: 9px; color: #999; padding: 8px 0 0 5px;\"><\/div>\n<div style=\"font-size: 8px; color: #999; padding: 8px 0 0 5px;\"><\/div>\n<\/div>\n<\/div>\n<\/div>\n<div style=\"clear: both;\"><\/div>\n<div class=\"pro\" style=\"margin-top: 0px;\">\n<div class=\"baslik_satir\">\n<div class=\"baslik_saat\">13:00 \u2013 14:30<\/div>\n<div class=\"baslik_icerik\">\u00d6\u011fle Yeme\u011fi<\/div>\n<div class=\"baslik_salon\"><\/div>\n<\/div>\n<\/div>\n<div style=\"clear: both;\"><\/div>\n<div class=\"pro\" style=\"margin-top: 0px;\">\n<div class=\"baslik_satir\">\n<div class=\"baslik_saat\">14:30 \u2013 15:30<\/div>\n<div class=\"baslik_icerik\">\u201c\u00c7\u00d6Z\u00dcM, FARKINDALIK ve E\u011e\u0130T\u0130M OTURUMLARI\u201d<\/div>\n<div class=\"baslik_salon\"><\/div>\n<\/div>\n<div class=\"icerik\">\n<div class=\"icerik_text\"><strong>Paralel Oturumlar<\/strong><br \/>\n<strong>Salon 1: G\u00fc\u00e7 Veren \u00c7\u00f6z\u00fcmler<\/strong><br \/>\n<strong>Oturum Y\u00f6neticisi: Koray \u00d6ZER<\/strong>, T\u00fcrkiye Petrolleri A.O. Y\u00f6neti\u015fim ve Ar-Ge M\u00fcd\u00fcr\u00fc<\/p>\n<ul>\n<li><strong>Siber G\u00fcvenlik Sigortas\u0131<\/strong>, Erdem ALTIN &#8211; Nart Sigorta Kurumsal \u00c7\u00f6z\u00fcmler Direkt\u00f6r\u00fc<\/li>\n<li><strong>TARES Ta\u015f\u0131n\u0131r Rehin Sicili<\/strong>, \u00d6nder K\u00d6KSAL &#8211; T\u00fcrkiye Noterler Birli\u011fi<\/li>\n<li><strong>Sistem \u00c7\u00f6z\u00fcmleri ve G\u00fcvenlik<\/strong>, Sercan \u00c7\u0130\u00c7EK &#8211; Oracle Genel Sekt\u00f6r Donan\u0131m Sat\u0131\u015f Y\u00f6neticisi<\/li>\n<\/ul>\n<p><strong>Salon 2: Bili\u015fim G\u00fcvenli\u011fi Fark\u0131ndal\u0131\u011f\u0131<\/strong><br \/>\n<strong>Oturum Y\u00f6neticisi: M. Ali YAZICI<\/strong>, ASELSAN Uydu G\u00f6rev Y\u00fckleri Program M\u00fcd\u00fcr\u00fc<\/p>\n<ul>\n<li><strong>\u00d6nlem Al Fidye \u00d6deme !<\/strong> Serta\u00e7 KATAL &#8211; BAR\u0130KAT Ar-Ge M\u00fchendisi<\/li>\n<li><strong>KOB\u0130 ve Siber G\u00fcvenlik Nerede Kesi\u015fir?<\/strong> Dr. Murat APOHAN &#8211; LOGO Siber G\u00fcvenlik Genel M\u00fcd\u00fcr\u00fc<\/li>\n<li><strong>KOB\u0130&#8217;lerde Sosyal Medya Kullan\u0131m\u0131<\/strong>, Bu\u011fra AYAN &#8211; M\u00fchendis, Yazar<\/li>\n<\/ul>\n<p><strong>Salon 3: Yar\u0131na Haz\u0131r Olmak \u0130\u00e7in<\/strong><br \/>\n<strong>Oturum Y\u00f6netici: N. Kenan ALTINSAAT<\/strong>, JForce Bili\u015fim Teknolojileri A.\u015e.<\/p>\n<ul>\n<li><strong>Ba\u015far\u0131l\u0131 e-D\u00f6n\u00fc\u015f\u00fcm Projeleri<\/strong>, Ahmet SAVA\u015e &#8211; T\u00dcRKSAT E-Devlet ve Bilgi Toplumu Direkt\u00f6r\u00fc<\/li>\n<li><strong>Dijital D\u00f6n\u00fc\u015f\u00fcmde T\u00fcketici Nas\u0131l De\u011fi\u015fiyor?<\/strong>, \u00d6mer Barbaros Y\u0130\u015e &#8211; Turkcell Pazarlama Direkt\u00f6r\u00fc<\/li>\n<li><strong>\u0130\u015f\u00e7i ve \u0130\u015fverenlerin Kapasitelerinin Bilgi ve \u0130leti\u015fim Teknolojileri Yoluyla Geli\u015ftirilmesi<\/strong>, Prof. Dr. K\u00fcr\u015fat \u00c7A\u011eILTAY &#8211; ODT\u00dc Bilgisayar ve \u00d6\u011fretim Teknolojileri E\u011fitimi B\u00f6l\u00fcm\u00fc \u00d6\u011fretim \u00dcyesi<\/li>\n<\/ul>\n<div style=\"font-size: 9px; color: #999; padding: 8px 0 0 5px;\"><\/div>\n<div style=\"font-size: 8px; color: #999; padding: 8px 0 0 5px;\"><\/div>\n<\/div>\n<\/div>\n<\/div>\n<div style=\"clear: both;\"><\/div>\n<div class=\"pro\" style=\"margin-top: 0px;\">\n<div class=\"baslik_satir\">\n<div class=\"baslik_saat\">15:30 \u2013 15:45<\/div>\n<div class=\"baslik_icerik\">Kahve Aras\u0131<\/div>\n<div class=\"baslik_salon\"><\/div>\n<\/div>\n<\/div>\n<div style=\"clear: both;\"><\/div>\n<div class=\"pro\" style=\"margin-top: 0px;\">\n<div class=\"baslik_satir\">\n<div class=\"baslik_saat\">15:45 \u2013 16:45<\/div>\n<div class=\"baslik_icerik\"><\/div>\n<div class=\"baslik_salon\"><\/div>\n<\/div>\n<div class=\"icerik\">\n<div class=\"icerik_text\">\n<p><strong>Salon 1: G\u00fc\u00e7 Veren \u00c7\u00f6z\u00fcmler (Devam)<\/strong><br \/>\n<strong>Oturum Y\u00f6neticisi : Ersin TA\u015e\u00c7I<\/strong>, TBD 31. D\u00f6nem Y\u00f6netim Kurulu \u00dcyesi<\/p>\n<ul>\n<li><strong>KOB\u0130&#8217;ler i\u00e7in Melek Yat\u0131r\u0131mc\u0131lar ve Risk Sermayesi Kavramlar\u0131<\/strong>, H\u00fcseyin KARAYA\u011eIZ &#8211; TRAngels Melek Yat\u0131r\u0131m A\u011f\u0131<\/li>\n<li><strong>KOB\u0130\u2019ler i\u00e7in AB Programlar\u0131 Kapsam\u0131nda Sunulan \u0130mkanlar<\/strong>, Aydan YILMAZ &#8211; AB Bakanl\u0131\u011f\u0131 Sosyal B\u00f6lgesel ve Yenilik\u00e7i Politikalar Ba\u015fkanl\u0131\u011f\u0131 AB \u0130\u015fleri Uzman\u0131<\/li>\n<li><strong>\u0130hracatta Yerli Dijital\/Say\u0131sal Teknolojilerin \u00d6nemi<\/strong>, Ertan BARUT &#8211; TOBB Yaz\u0131l\u0131m Meclisi Ba\u015fkan Yard\u0131mc\u0131s\u0131\n<\/ul>\n<p><strong>Salon 2: Rekabet Stratejileri ve Y\u00f6neti\u015fim<\/strong><br \/>\n<strong>Oturum Y\u00f6neticisi : Dr. Altan \u00d6ZK\u0130L<\/strong>, At\u0131l\u0131m \u00dcniversitesi \u00d6\u011fretim \u00dcyesi<\/p>\n<ul>\n<li><strong>Bilgiye Dayal\u0131 Y\u00f6netimler<\/strong>, Polat KUTNAY &#8211; KUTNAY Stratejik Dan\u0131\u015fmanl\u0131k<\/li>\n<li><strong>B\u00fcy\u00fck Veri ve Karar Destek Sistemleri<\/strong>, Prof. Dr. \u015eeref SA\u011eIRO\u011eLU &#8211; Gazi \u00dcniversitesi Bilgisayar M\u00fchendisli\u011fi B\u00f6l\u00fcm Ba\u015fkan\u0131<\/li>\n<li><strong>\u00dcreten KOB\u0130\u2019ler i\u00e7in Kurumsal Kaynak Planlamas\u0131<\/strong>, \u00d6mer TURHAN &#8211; Workcube Topluluk Lideri<\/li>\n<\/ul>\n<p><strong>Salon 3: Finans Olanaklar\u0131 ve Destekler<\/strong><br \/>\n<strong>Oturum Y\u00f6neticisi: Nihan TUNA<\/strong>, EMT Elektornik, TBD 32. D\u00f6nem Y\u00f6netim Kurulu \u00dcyesi<\/p>\n<ul>\n<li><strong>KOB\u0130\u2019lerin \u0130htiyac\u0131 Olan KOSGEB Destekleri<\/strong>, KOSGEB<\/li>\n<li><strong>Yurtd\u0131\u015f\u0131 Fuar Kat\u0131l\u0131m\u0131 ve Marka Destekleri<\/strong>, Orta Anadolu \u0130hracat\u00e7\u0131lar Birli\u011fi<\/li>\n<li><strong>Ulusal Yeterlilik Sistemi, Te\u015fvik ve Destekler<\/strong>, Mesleki Yeterlilik Kurumu<\/li>\n<\/ul>\n<div style=\"font-size: 9px; color: #999; padding: 8px 0 0 5px;\"><\/div>\n<div style=\"font-size: 8px; color: #999; padding: 8px 0 0 5px;\"><\/div>\n<\/div>\n<\/div>\n<\/div>\n<div style=\"clear: both;\"><\/div>\n","protected":false},"excerpt":{"rendered":"<p>26 EYL\u00dcL 2017 SALI 09:30 \u2013 10:00 A\u00c7ILI\u015e KONU\u015eMALARI Rahmi AKTEPE, TBD Genel Ba\u015fkan\u0131 G\u00fcrsel BARAN, ATO Y\u00f6netim Kurulu Ba\u015fkan\u0131 Nurettin \u00d6ZDEB\u0130R, ASO Y\u00f6netim Kurulu Ba\u015fkan\u0131<span class=\"excerpt-hellip\"> [\u2026]<\/span><\/p>\n","protected":false},"author":4,"featured_media":0,"parent":0,"menu_order":0,"comment_status":"closed","ping_status":"closed","template":"","meta":{"rs_blank_template":"","rs_page_bg_color":"","slide_template_v7":"","footnotes":""},"class_list":["post-28","page","type-page","status-publish","hentry"],"_links":{"self":[{"href":"https:\/\/kobibilisim.org.tr\/1-kobi-bilisim\/wp-json\/wp\/v2\/pages\/28","targetHints":{"allow":["GET"]}}],"collection":[{"href":"https:\/\/kobibilisim.org.tr\/1-kobi-bilisim\/wp-json\/wp\/v2\/pages"}],"about":[{"href":"https:\/\/kobibilisim.org.tr\/1-kobi-bilisim\/wp-json\/wp\/v2\/types\/page"}],"author":[{"embeddable":true,"href":"https:\/\/kobibilisim.org.tr\/1-kobi-bilisim\/wp-json\/wp\/v2\/users\/4"}],"replies":[{"embeddable":true,"href":"https:\/\/kobibilisim.org.tr\/1-kobi-bilisim\/wp-json\/wp\/v2\/comments?post=28"}],"version-history":[{"count":70,"href":"https:\/\/kobibilisim.org.tr\/1-kobi-bilisim\/wp-json\/wp\/v2\/pages\/28\/revisions"}],"predecessor-version":[{"id":381,"href":"https:\/\/kobibilisim.org.tr\/1-kobi-bilisim\/wp-json\/wp\/v2\/pages\/28\/revisions\/381"}],"wp:attachment":[{"href":"https:\/\/kobibilisim.org.tr\/1-kobi-bilisim\/wp-json\/wp\/v2\/media?parent=28"}],"curies":[{"name":"wp","href":"https:\/\/api.w.org\/{rel}","templated":true}]}}